{"id":2132635,"date":"2026-04-27T18:10:57","date_gmt":"2026-04-27T18:10:57","guid":{"rendered":"https:\/\/lojadosacores.com\/produto\/centro-de-tear-verde-escuro\/"},"modified":"2026-04-27T18:10:57","modified_gmt":"2026-04-27T18:10:57","slug":"centro-de-tear-verde-escuro","status":"publish","type":"product","link":"https:\/\/lojadosacores.com\/en\/produto\/centro-de-tear-verde-escuro\/","title":{"rendered":"Centro de tear verde escuro"},"content":{"rendered":"<p>Vem de S.Jorge&#8230; Tear manual em algod\u00e3o e l\u00e3 Tamanho &#8211; 1,15x35cm<\/p>\n","protected":false},"excerpt":{"rendered":"<p>Vem de S.Jorge&#8230; Tear manual em algod\u00e3o e l\u00e3 Tamanho &#8211; 1,15x35cm<\/p>\n","protected":false},"featured_media":2132637,"template":"","meta":[],"product_cat":[29,865],"product_tag":[],"ilha":[47],"linguas":[],"yoast_head":"<!-- This site is optimized with the Yoast SEO plugin v18.8 - https:\/\/yoast.com\/wordpress\/plugins\/seo\/ -->\n<title>Centro de tear verde escuro - Loja dos A\u00e7ores<\/title>\n<meta name=\"robots\" content=\"index, follow, max-snippet:-1, max-image-preview:large, max-video-preview:-1\" \/>\n<link rel=\"canonical\" href=\"https:\/\/lojadosacores.com\/produto\/centro-de-tear-verde-escuro\/\" \/>\n<meta property=\"og:locale\" content=\"en_US\" \/>\n<meta property=\"og:type\" content=\"article\" \/>\n<meta property=\"og:title\" content=\"Centro de tear verde escuro - Loja dos A\u00e7ores\" \/>\n<meta property=\"og:description\" content=\"Vem de S.Jorge... Tear manual em algod\u00e3o e l\u00e3 Tamanho - 1,15x35cm\" \/>\n<meta property=\"og:url\" content=\"https:\/\/lojadosacores.com\/produto\/centro-de-tear-verde-escuro\/\" \/>\n<meta property=\"og:site_name\" content=\"Loja dos A\u00e7ores\" \/>\n<meta property=\"og:image\" content=\"https:\/\/lojadosacores.com\/wp-content\/uploads\/imagens\/analisadas\/T109J-scaled.jpg\" \/>\n\t<meta property=\"og:image:width\" content=\"2560\" \/>\n\t<meta property=\"og:image:height\" content=\"1422\" \/>\n\t<meta property=\"og:image:type\" content=\"image\/jpeg\" \/>\n<meta name=\"twitter:card\" content=\"summary_large_image\" \/>\n<script type=\"application\/ld+json\" class=\"yoast-schema-graph\">{\"@context\":\"https:\/\/schema.org\",\"@graph\":[{\"@type\":\"WebSite\",\"@id\":\"https:\/\/lojadosacores.com\/#website\",\"url\":\"https:\/\/lojadosacores.com\/\",\"name\":\"Loja dos A\u00e7ores\",\"description\":\"\",\"potentialAction\":[{\"@type\":\"SearchAction\",\"target\":{\"@type\":\"EntryPoint\",\"urlTemplate\":\"https:\/\/lojadosacores.com\/?s={search_term_string}\"},\"query-input\":\"required name=search_term_string\"}],\"inLanguage\":\"en-US\"},{\"@type\":\"ImageObject\",\"inLanguage\":\"en-US\",\"@id\":\"https:\/\/lojadosacores.com\/produto\/centro-de-tear-verde-escuro\/#primaryimage\",\"url\":\"https:\/\/lojadosacores.com\/wp-content\/uploads\/imagens\/analisadas\/T109J-scaled.jpg\",\"contentUrl\":\"https:\/\/lojadosacores.com\/wp-content\/uploads\/imagens\/analisadas\/T109J-scaled.jpg\",\"width\":2560,\"height\":1422},{\"@type\":\"WebPage\",\"@id\":\"https:\/\/lojadosacores.com\/produto\/centro-de-tear-verde-escuro\/#webpage\",\"url\":\"https:\/\/lojadosacores.com\/produto\/centro-de-tear-verde-escuro\/\",\"name\":\"Centro de tear verde escuro - Loja dos A\u00e7ores\",\"isPartOf\":{\"@id\":\"https:\/\/lojadosacores.com\/#website\"},\"primaryImageOfPage\":{\"@id\":\"https:\/\/lojadosacores.com\/produto\/centro-de-tear-verde-escuro\/#primaryimage\"},\"datePublished\":\"2026-04-27T18:10:57+00:00\",\"dateModified\":\"2026-04-27T18:10:57+00:00\",\"breadcrumb\":{\"@id\":\"https:\/\/lojadosacores.com\/produto\/centro-de-tear-verde-escuro\/#breadcrumb\"},\"inLanguage\":\"en-US\",\"potentialAction\":[{\"@type\":\"ReadAction\",\"target\":[\"https:\/\/lojadosacores.com\/produto\/centro-de-tear-verde-escuro\/\"]}]},{\"@type\":\"BreadcrumbList\",\"@id\":\"https:\/\/lojadosacores.com\/produto\/centro-de-tear-verde-escuro\/#breadcrumb\",\"itemListElement\":[{\"@type\":\"ListItem\",\"position\":1,\"name\":\"Products\",\"item\":\"http:\/\/lojadosacores.com\/en\/azores-products\/\"},{\"@type\":\"ListItem\",\"position\":2,\"name\":\"Centro de tear verde escuro\"}]}]}<\/script>\n<!-- \/ Yoast SEO plugin. -->","yoast_head_json":{"title":"Centro de tear verde escuro - Loja dos A\u00e7ores","robots":{"index":"index","follow":"follow","max-snippet":"max-snippet:-1","max-image-preview":"max-image-preview:large","max-video-preview":"max-video-preview:-1"},"canonical":"https:\/\/lojadosacores.com\/produto\/centro-de-tear-verde-escuro\/","og_locale":"en_US","og_type":"article","og_title":"Centro de tear verde escuro - Loja dos A\u00e7ores","og_description":"Vem de S.Jorge... Tear manual em algod\u00e3o e l\u00e3 Tamanho - 1,15x35cm","og_url":"https:\/\/lojadosacores.com\/produto\/centro-de-tear-verde-escuro\/","og_site_name":"Loja dos A\u00e7ores","og_image":[{"width":2560,"height":1422,"url":"https:\/\/lojadosacores.com\/wp-content\/uploads\/imagens\/analisadas\/T109J-scaled.jpg","type":"image\/jpeg"}],"twitter_card":"summary_large_image","schema":{"@context":"https:\/\/schema.org","@graph":[{"@type":"WebSite","@id":"https:\/\/lojadosacores.com\/#website","url":"https:\/\/lojadosacores.com\/","name":"Loja dos A\u00e7ores","description":"","potentialAction":[{"@type":"SearchAction","target":{"@type":"EntryPoint","urlTemplate":"https:\/\/lojadosacores.com\/?s={search_term_string}"},"query-input":"required name=search_term_string"}],"inLanguage":"en-US"},{"@type":"ImageObject","inLanguage":"en-US","@id":"https:\/\/lojadosacores.com\/produto\/centro-de-tear-verde-escuro\/#primaryimage","url":"https:\/\/lojadosacores.com\/wp-content\/uploads\/imagens\/analisadas\/T109J-scaled.jpg","contentUrl":"https:\/\/lojadosacores.com\/wp-content\/uploads\/imagens\/analisadas\/T109J-scaled.jpg","width":2560,"height":1422},{"@type":"WebPage","@id":"https:\/\/lojadosacores.com\/produto\/centro-de-tear-verde-escuro\/#webpage","url":"https:\/\/lojadosacores.com\/produto\/centro-de-tear-verde-escuro\/","name":"Centro de tear verde escuro - Loja dos A\u00e7ores","isPartOf":{"@id":"https:\/\/lojadosacores.com\/#website"},"primaryImageOfPage":{"@id":"https:\/\/lojadosacores.com\/produto\/centro-de-tear-verde-escuro\/#primaryimage"},"datePublished":"2026-04-27T18:10:57+00:00","dateModified":"2026-04-27T18:10:57+00:00","breadcrumb":{"@id":"https:\/\/lojadosacores.com\/produto\/centro-de-tear-verde-escuro\/#breadcrumb"},"inLanguage":"en-US","potentialAction":[{"@type":"ReadAction","target":["https:\/\/lojadosacores.com\/produto\/centro-de-tear-verde-escuro\/"]}]},{"@type":"BreadcrumbList","@id":"https:\/\/lojadosacores.com\/produto\/centro-de-tear-verde-escuro\/#breadcrumb","itemListElement":[{"@type":"ListItem","position":1,"name":"Products","item":"http:\/\/lojadosacores.com\/en\/azores-products\/"},{"@type":"ListItem","position":2,"name":"Centro de tear verde escuro"}]}]}},"_links":{"self":[{"href":"https:\/\/lojadosacores.com\/en\/wp-json\/wp\/v2\/product\/2132635"}],"collection":[{"href":"https:\/\/lojadosacores.com\/en\/wp-json\/wp\/v2\/product"}],"about":[{"href":"https:\/\/lojadosacores.com\/en\/wp-json\/wp\/v2\/types\/product"}],"wp:featuredmedia":[{"embeddable":true,"href":"https:\/\/lojadosacores.com\/en\/wp-json\/wp\/v2\/media\/2132637"}],"wp:attachment":[{"href":"https:\/\/lojadosacores.com\/en\/wp-json\/wp\/v2\/media?parent=2132635"}],"wp:term":[{"taxonomy":"product_cat","embeddable":true,"href":"https:\/\/lojadosacores.com\/en\/wp-json\/wp\/v2\/product_cat?post=2132635"},{"taxonomy":"product_tag","embeddable":true,"href":"https:\/\/lojadosacores.com\/en\/wp-json\/wp\/v2\/product_tag?post=2132635"},{"taxonomy":"ilha","embeddable":true,"href":"https:\/\/lojadosacores.com\/en\/wp-json\/wp\/v2\/ilha?post=2132635"},{"taxonomy":"linguas","embeddable":true,"href":"https:\/\/lojadosacores.com\/en\/wp-json\/wp\/v2\/linguas?post=2132635"}],"curies":[{"name":"wp","href":"https:\/\/api.w.org\/{rel}","templated":true}]}}